{"id":179,"date":"2015-12-14T14:31:06","date_gmt":"2015-12-14T13:31:06","guid":{"rendered":"http:\/\/www.gruppoporfiria.it\/?page_id=179"},"modified":"2024-10-15T11:51:26","modified_gmt":"2024-10-15T10:51:26","slug":"partecipazione-a-congressi","status":"publish","type":"page","link":"https:\/\/www.gruppoporfiria.it\/?page_id=179","title":{"rendered":"Partecipazione a Congressi"},"content":{"rendered":"<p style=\"text-align: center;\"><strong>125\u00b0 Congresso Nazionale SIMI (Societ\u00e0 Italiana di Medicina Interna)<\/strong><br \/>\n<strong>11-13 ottobre 2024<\/strong><\/p>\n<p><strong>Poster (premiato come migliore)<\/strong><\/p>\n<p><em>Liver Function, Iron Status, and Hemopoiesis in Erythropoietic Protoporphyria (EPP): Insights into a Complex Interplay.<\/em><br \/>\nAndrea Ricci, Dario Saltini, Camilla Mancini, Tomas Guasconi, Giada Di Betto, Cinzia Garuti, Stefano Marchini, Filippo Schepis, Antonello Pietrangelo, Elena Corradini, Paolo Ventura<\/p>\n<p style=\"text-align: center;\">\u2026\u2026\u2026\u2026\u2026\u2026\u2026\u2026\u2026\u2026\u2026\u2026\u2026\u2026\u2026\u2026\u2026\u2026\u2026\u2026\u2026\u2026\u2026\u2026\u2026\u2026\u2026\u2026\u2026\u2026\u2026\u2026\u2026\u2026\u2026\u2026\u2026\u2026..<\/p>\n<p style=\"text-align: center;\"><strong>International Congress of Porphyrins and Porphyrias<\/strong><\/p>\n<p style=\"text-align: center;\"><strong>Pamplona, 21-25 settembre 2024<\/strong><\/p>\n<p><strong>Presentazioni Orali<\/strong><\/p>\n<p><em>Long-Term Clinical Outcomes Of Patients With Acute Hepatic Porphyria Who Were Not Attack-Free After 6 Months Of Givosiran Treatment: A Subgroup Analysis Of The Phase 3 Envision Study.<\/em><\/p>\n<p><strong>Paolo Ventura<\/strong>, Encarna Guillen-Navarro, Bruce Wang, Weiming Du, Ana Camejo, Manish Thapar<\/p>\n<p><em>Phlebotomy And Afamelanotide As An Efficient Combined Treatment Of Hepatoerythropoietic Porphyria.<\/em><\/p>\n<p><strong>Luca Barbieri<\/strong>, <strong>Michele De Canio<\/strong>, <strong>Caterina Aurizi<\/strong>, Miriam Teoli<\/p>\n<p><em>Potential Causes Of Dysregulated Homocysteine Metabolism In Patients Affected By Acute Intermittent Porphyria.<\/em><\/p>\n<p><strong>Elena Di Pierro<\/strong>, Lorena Duca, <strong>Francesca Granata<\/strong>, Francesca Grande, <strong>Valeria Di Stefano<\/strong>, Giacomo De Luca, <strong>Paolo Ventura<\/strong>, <strong>Giovanna Graziadei<\/strong><\/p>\n<p><em>Dietary Interventions Targeting Glucose Metabolism And Hyperinsulinemia: A New Translational Perspective For The Management Of Patients With Acute Intermittent Porphyria.<\/em><\/p>\n<p>Miriam Longo, Teresa Rubio, Araceli Lamelas, Daniel Jeric\u00f3, Jordi Cervero, Juan Mart\u00ednez-Blanch, Empar Chenoll, Erika Paolini, Karol M C\u00f3rdoba, Marica Meroni, Jos\u00e9 Ignacio Riezu-Boj, Raquel Urtasun, Isabel Solares, Ana Sampedro, Francesco Urigo, Mar\u00eda Collantes, Michele Battistin, Stefano Gatti, Ivan Pe\u00f1uelas, Mar\u00eda Jes\u00fas Moreno-Aliaga, Mat\u00edas A \u00c1vila, <strong>Elena Di Pierro<\/strong>, Miguel Barajas, Daniel Ramon, Ferm\u00edn I Milagro, Paola Dongiovanni, Antonio Fontanellas<\/p>\n<p><em>Nutritional Assessment And Body Composition In Acute Intermittent Porphyria (AIP) Patients.<\/em><\/p>\n<p><strong>Francesca Granata<\/strong>, Luisella Vigna, <strong>Elena Di Pierro<\/strong>, Alessandra Piontini, Lorena Duca, Giacomo De Luca, <strong>Valeria Di Stefano<\/strong>, <strong>Giovanna Graziadei<\/strong><\/p>\n<p><em>Liver Function, Iron Status, And Hemopoiesis In Erythropoietic Protoporphyria (EPP): Insights Into A Complex Interplay.<\/em><\/p>\n<p><strong>Andrea Ricci<\/strong>, Dario Saltini, Camilla Mancini, Tomas Guasconi, Giada Di Betto, Cinzia Garuti, <strong>Stefano Marchini<\/strong>, Filippo Schepis, Antonello Pietrangelo, Elena Corradini, <strong>Paolo Ventura<\/strong><\/p>\n<p><em>Quantitative Analysis Of Poly-Unsatured Fatty Acids Profiles In Erythropoietic Protoporphyria.<\/em><\/p>\n<p><strong>Michele De Canio<\/strong>, Stefania Briganti, <strong>Caterina Aurizi<\/strong>, Miriam Teoli, Anna Di Nardo, <strong>Luca Barbieri<\/strong><\/p>\n<p><strong>Posters<\/strong><\/p>\n<p><em>Fairness Of Funding Decisions Of Innovative Therapies For The Porphyrias In England And Wales: Comparison Of The Parameters For The Calculation Of Quality-Adjusted Life Years Accepted By The National Institute For Health And Care Excellence.<\/em><\/p>\n<p>Jasmin Barman-Aks\u00f6zen, Nicole Hentschel, M\u00e5rten Pettersson, Eva Schupp, <strong>Francesca Granata,<\/strong> Cornelia Dechant, Mehmet Hakan Aks\u00f6zen, Rocco Falchetto<\/p>\n<p><em>Assessing Disease Impact And Quality Of Life: Insights From A Patient Support Program For Acute Hepatic Porphyria. <\/em><\/p>\n<p>Francesca Brambillasca, <strong>Paolo Ventura<\/strong>, Annamaria Porreca, <strong>Carlo Poci<\/strong>, <strong>Annalisa Crisetti<\/strong>, Antonina Giammanco, <strong>Matteo Marcacci<\/strong><\/p>\n<p><em>Porphyria Registry Padova &#8211; Start Up.<\/em><\/p>\n<p><strong>Annamaria Nicolli<\/strong>, <strong>Mauro Alaibac<\/strong>, Cinzia Bertolin, Isabella Bortoletti, Alberto Gambalunga, Angelo Moretto, Fabiola Pasqualato, Leonardo Salviati, Paolo Simioni, <strong>Andrea Trevisan<\/strong>, <strong>Carlo Poci<\/strong><\/p>\n<p><em>Hereditary Coproporphyria With Cerebral Aneurysms: Successful Diagnosis And Treatment With Givosiran.<\/em><\/p>\n<p><strong>Aurora del Mar P\u00e9rez Ys<\/strong>, <strong>Annalisa Crisetti<\/strong>, <strong>Maria Grazia Savino<\/strong>, Maria Nardella, Francesco Aucella, Claudio Carmine Guida, Filippo Aucella<\/p>\n<p><em>The First Cases Of \u0394<\/em><em>-Aminolevulinate Dehydratase Porphyria (ADP\/Doss Porphyria) In Italy.<\/em><\/p>\n<p><strong>Carlo Poci<\/strong>, <strong>Mauro Alaibac<\/strong>, Marta Balzarin, Cinzia Bertolin, Isabella Bortoletti, Alessandra Brugiolo, Federica Rachele Danti, <strong>Elena Di Pierro<\/strong>, Angelo Moretto, Fabiola Pasqualato, Leonardo Salviati, Paolo Simioni, <strong>Andrea Trevisan<\/strong>, <strong>Paolo Ventura<\/strong>, Anna Zanin, <strong>Annamaria Nicolli<\/strong><\/p>\n<p><em>Management Of Hereditary Coproporphyria: A Case Report Of A New Pathogenic Variant, Highlighting The Significance Of Hemin Therapy And Maintenance Treatment Compliance.<\/em><\/p>\n<p>Laura Sabina Varela, Viviana Alicia Melito, Ana Mar\u00eda Buzaleh, Victoria Estela Parera, <strong>Elena Di Pierro<\/strong><\/p>\n<p><em>Drugs Stimulating Erythroid Compartment Can Induce Hepatic Damage In Erythropoietic Protoporphyria.<\/em><\/p>\n<p><strong>Giovanna Graziadei<\/strong>, <strong>Valeria Di Stefano<\/strong>, Bruno Fattizzo, Marta Bortolotti, Valentina Brancaleoni, <strong>Francesca Granata<\/strong>, <strong>Silvia Fustinoni<\/strong>, <strong>Elena Di Pierro<\/strong><\/p>\n<p><em>Functional Characterization Of New Pathogenic And Lead-Poisoning Predisposing Variants In Ala Dehydratase Porphyria (ADP).<\/em><\/p>\n<p><strong>Elena Di Pierro<\/strong>, Francisco Javier Castelb\u00f3n, Isabel Solares, Daniel Jeric\u00f3, Javier Tom\u00e1s Solera, Antoni Riera-Mestre, Mar\u00eda Barreda, <strong>Annamaria Nicolli<\/strong>, Rafael Enr\u00edquez de Salamanca, <strong>Carlo Poci<\/strong>, Marta Gloria Fanlo-Maresma, Mat\u00edas A. \u00c1vila, <strong>Matteo Marcacci<\/strong>, Encarna Guill\u00e9n-Navarro, <strong>Giovanna Graziadei<\/strong>, Bodo Beck, <strong>Paolo Ventura<\/strong>, Montserrat Morales-Conejo, Antonio Fontanellas<\/p>\n<p>(poster premiato)<\/p>\n<p><em>Increased Pancreatic Enzymes In A Patient With Acute Intermittent Porphyria.<\/em><\/p>\n<p><strong>Valeria Di Stefano<\/strong>, <strong>Elena Di Pierro<\/strong>, <strong>Francesca Granata<\/strong>, Lorena Duca, Dario Tavazzi, <strong>Maria Domenica Cappellini<\/strong>, <strong>Giovanna Graziadei<\/strong><\/p>\n<p><em>Portal Hypertension In Advanced Protoporphyric Hepatopathy: A Case Report.<\/em><\/p>\n<p><strong>Andrea Ricci<\/strong>, Dario Saltini, Camilla Mancini, Giada Di Betto, <strong>Stefano Marchini<\/strong>, Marcello Bianchini, Filippo Schepis, Antonello Pietrangelo, Elena Corradini, <strong>Paolo Ventura<\/strong><\/p>\n<p style=\"text-align: center;\">\u2026\u2026\u2026\u2026\u2026\u2026\u2026\u2026\u2026\u2026\u2026\u2026\u2026\u2026\u2026\u2026\u2026\u2026\u2026\u2026\u2026\u2026\u2026\u2026\u2026\u2026\u2026\u2026\u2026\u2026\u2026\u2026\u2026\u2026\u2026\u2026\u2026\u2026..<\/p>\n<p style=\"text-align: center;\"><strong>The International Liver Congress &#8211; EASL<\/strong><br \/>\n<strong>Vienna, 10-14 Aprile 2019<\/strong><\/p>\n<p><strong>Presentazioni Orali<\/strong><\/p>\n<p><em>ENVISION, a Phase 3 Study to Evaluate the Efficacy and <\/em><em>Safety of Givosiran, an Investigational RNAi Therapeutic <\/em><em>Targeting Aminolevulinic Acid Synthase 1, <\/em><em>in Acute Hepatic Porphyria Patients<\/em><br \/>\nBalwani M, Gouya L, Rees DC, Stein P, St\u00f6lzel U, Aguilera Peiro P, Bissell DM, Bonkovsky HL, Keel S, Parker C, Phillips JD, Silver S, Windyga J, D\u2019Avola D, Ross G, Stewart P, Ritchie B, Oh J, Harper P, Wang JD, Langendonk JG, Ivanova A, Horie, Y, Anderson KE, Ventura P, Chan A, Penz C, Simon A, Kim J, Dinh Q, Liu G, Garg P, Vaishnaw A, and Sardh E<\/p>\n<p><strong>Posters<\/strong><\/p>\n<p><em>Management of Recurrent Acute Hepatic Porphyria (AHP) Attacks in Europe and the United States: <\/em><br \/>\n<em>EXPLORE International, Prospective, Natural History Study<\/em><br \/>\nSardh E, Balwani M, Gouya L, Bissell DM, Rees DC, St\u00f6lzel U, Phillips JD, Kauppinen R, Langendonk JG, Desnick RJ, Deybach JC, Bonkovsky HL, Parker C, Naik H, Badminton M, Stein P, Minder E, Windyga J, Martasek P, Cappellini M, Ventura P, Harper P, Sandberg S, Aarsand AK, Alegre F, Ivanova A, Talbi N, Ko JJ, Cahana-Amitay D, Chan A, Dinh Q, Penz C, Simon A, Lin T, Anderson KE<\/p>\n<p><em>Disease Manifestations of Patients with Recurrent Acute Hepatic Porphyria (AHP) and Daily Life Impacts <\/em><br \/>\n<em>in EXPLORE International, Prospective, Natural History Study<\/em><br \/>\nVentura P, Gouya L, Balwani M, Bissell DM, Rees DC, St\u00f6lzel U, Phillips JD, Kauppinen R, Langendonk JG, Desnick RJ, Deybach JC, Bonkovsky HL, Parker C, Naik H, Badminton M, Stein P, Minder E, Windyga J, Martasek P, Cappellini M, Sardh E, Harper P, Sandberg S, Aarsand AK, Alegre F, Ivanova A, Talbi N, Ko JJ, Cahana-Amitay D, Chan A, Dinh Q, Penz C, Simon A, Lin T, Anderson KE<\/p>\n<p style=\"text-align: center;\">\u2026\u2026\u2026\u2026\u2026\u2026\u2026\u2026\u2026\u2026\u2026\u2026\u2026\u2026\u2026\u2026\u2026\u2026\u2026\u2026\u2026\u2026\u2026\u2026\u2026\u2026\u2026\u2026\u2026\u2026\u2026\u2026\u2026\u2026\u2026\u2026\u2026\u2026..<\/p>\n<p style=\"text-align: center;\"><strong>3rd Italian EPP Expert Meeting<\/strong><br \/>\n<strong>Firenze &#8211; 5 Aprile 2019<\/strong><\/p>\n<p><strong>Presentazioni Orali<\/strong><\/p>\n<p><em>La Protoporfiria Eritropoietica in Italia: Dati Epidemiologici<\/em><br \/>\nDott. Paolo Ventura<\/p>\n<p style=\"text-align: center;\">\u2026\u2026\u2026\u2026\u2026\u2026\u2026\u2026\u2026\u2026\u2026\u2026\u2026\u2026\u2026\u2026\u2026\u2026\u2026\u2026\u2026\u2026\u2026\u2026\u2026\u2026\u2026\u2026\u2026\u2026\u2026\u2026\u2026\u2026\u2026\u2026\u2026\u2026..<\/p>\n<p style=\"text-align: center;\"><strong>119\u00b0 Congresso Nazionale Societ\u00e0 Italiana Di Medicina Interna<\/strong><br \/>\n<strong>Roma &#8211; 26-28 Ottobre 2018<\/strong><\/p>\n<p><strong>Presentazioni Orali<\/strong><\/p>\n<p><em>The Porphyrias In Italy: The First Epidemiological Report &#8211; From Gruppo Italiano Porfiria (Grip) Registry<\/em><br \/>\nP. Ventura, M. Cappellini, A. Macr\u00ec, C. Guida, A. Nicolli, , M. Rossi, E. Di Pierro, V. Brancaleoni, F. Granata, V. Fiorentino, S. Fustinoni, R. Sala, P.G Calzavara-Pinton, A. Trevisan, S. Marchini, C. Cuoghi, M. Marcacci, A. Pietrangelo, F. Sorge, C. Aurizi, M.G. Savino (Gruppo Italiano Porfiria)<\/p>\n<p><em>Porfirie: Come Riconoscerle e Trattarle<\/em><br \/>\nDott. Matteo Marcacci<\/p>\n<p style=\"text-align: center;\">\u2026\u2026\u2026\u2026\u2026\u2026\u2026\u2026\u2026\u2026\u2026\u2026\u2026\u2026\u2026\u2026\u2026\u2026\u2026\u2026\u2026\u2026\u2026\u2026\u2026\u2026\u2026\u2026\u2026\u2026\u2026\u2026\u2026\u2026\u2026\u2026\u2026\u2026..<\/p>\n<p style=\"text-align: center;\"><strong>Riunione Progetto Porfiria &#8211; Societ\u00e0 Italiana Di Medicina Interna<\/strong><br \/>\n<strong>Roma &#8211; 12-13 Giugno 2018<\/strong><\/p>\n<p><strong>Presentazioni Orali<\/strong><\/p>\n<p><em>Le Porfirie: Aspetti Generali, Epidemiologia e Focus sulle Porfirie Acute<\/em><br \/>\nDott. Paolo Ventura<\/p>\n<p style=\"text-align: center;\">\u2026\u2026\u2026\u2026\u2026\u2026\u2026\u2026\u2026\u2026\u2026\u2026\u2026\u2026\u2026\u2026\u2026\u2026\u2026\u2026\u2026\u2026\u2026\u2026\u2026\u2026\u2026\u2026\u2026\u2026\u2026\u2026\u2026\u2026\u2026\u2026\u2026\u2026..<\/p>\n<p style=\"text-align: center;\"><strong>Incontro con i Porfirici del Veneto<\/strong><br \/>\n<strong>Padova \u2013 14 Aprile 2018<\/strong><\/p>\n<p>Presentazione del Gruppo Italiano Porfiria (GrIP)<\/p>\n<p style=\"text-align: center;\">\u2026\u2026\u2026\u2026\u2026\u2026\u2026\u2026\u2026\u2026\u2026\u2026\u2026\u2026\u2026\u2026\u2026\u2026\u2026\u2026\u2026\u2026\u2026\u2026\u2026\u2026\u2026\u2026\u2026\u2026\u2026\u2026\u2026\u2026\u2026\u2026\u2026\u2026..<\/p>\n<p style=\"text-align: center;\"><strong>Incontro di Aggiornamento ECM &#8211; Il Pronto Soccorso e le Malattie Rare<\/strong><br \/>\n<strong>Firenze &#8211; 4 Dicembre 2017<\/strong><\/p>\n<p><strong>Presentazioni Orali<\/strong><\/p>\n<p><em>Attacco Porfirico Acuto: Fisiopatologia, Diagnosi e Terapia<\/em><br \/>\nDott. Paolo Ventura<\/p>\n<p style=\"text-align: center;\">\u2026\u2026\u2026\u2026\u2026\u2026\u2026\u2026\u2026\u2026\u2026\u2026\u2026\u2026\u2026\u2026\u2026\u2026\u2026\u2026\u2026\u2026\u2026\u2026\u2026\u2026\u2026\u2026\u2026\u2026\u2026\u2026\u2026\u2026\u2026\u2026\u2026\u2026..<\/p>\n<p style=\"text-align: center;\"><strong>118\u00b0 Congresso Nazionale Societ\u00e0 Italiana Di Medicina Interna<\/strong><br \/>\n<strong>Roma &#8211; 27-29 Ottobre 2017<\/strong><\/p>\n<p><strong>Presentazioni Orali<\/strong><\/p>\n<p><em>Poor Vitamin Status In Patients With Symptomatic Acute Porphyrias: A Reliable Target For Treatment Of Symptomatic Patients ?<\/em><br \/>\nVentura P, Marcacci M, Marchini S, Cuoghi C, Vaccari D, Pietrangelo A<\/p>\n<p style=\"text-align: center;\">\u2026\u2026\u2026\u2026\u2026\u2026\u2026\u2026\u2026\u2026\u2026\u2026\u2026\u2026\u2026\u2026\u2026\u2026\u2026\u2026\u2026\u2026\u2026\u2026\u2026\u2026\u2026\u2026\u2026\u2026\u2026\u2026\u2026\u2026\u2026\u2026\u2026\u2026..<\/p>\n<p style=\"text-align: center;\"><strong>XVIII congresso nazionale Societ\u00e0 Italiana Genetica Umana &#8211; SIGU<\/strong><br \/>\n<strong>Rimini, 21-24 ottobre 2015<\/strong><\/p>\n<p><strong>Posters<\/strong><\/p>\n<p><em>Molecular Characterisation of Erythropoietic Protoporphyria in Northern Italy<\/em><br \/>\nBrancaleoni V., Granata F., Fiorentino V., Graziadei G., Di Pierro E<\/p>\n<p><em>Phenotype Variability of Congenital Erythropoietic Porphyria in Turkey<\/em><br \/>\nGranata F., Uyanik M., Sertoglu E., Tapan S., Kurt I., Brancaleoni V., Di Pierro E<\/p>\n<p style=\"text-align: center;\">\u2026\u2026\u2026\u2026\u2026\u2026\u2026\u2026\u2026\u2026\u2026\u2026\u2026\u2026\u2026\u2026\u2026\u2026\u2026\u2026\u2026\u2026\u2026\u2026\u2026\u2026\u2026\u2026\u2026\u2026\u2026\u2026\u2026\u2026\u2026\u2026\u2026\u2026..<\/p>\n<p style=\"text-align: center;\"><strong>International Congress On Porphyrins And Porphyrias<\/strong><br \/>\n<strong>Sept 14th \u2013 Sept 16th 2015, D\u00fcsseldorf, Germany<\/strong><\/p>\n<p><strong>Presentazioni Orali<\/strong><\/p>\n<p><em>Characterisation of the functional role of variants within the regulatory regions of UROD and CPOX genes<\/em><br \/>\nV. Fiorentino, V. Brancaleoni, F. Granata, G. Graziadei, Md. Cappellini, E. Di Pierro<br \/>\nFondazione IRCCS Ca Granda and Universit\u00e0 degli Studi di Milano, Italy<\/p>\n<p><em>Markers of endothelial dysfunction in patients with acute porphyrias<\/em><br \/>\nP. Ventura, M. Marcacci, C. Cuoghi, S. Marchini, E. Di Pierro, V. Brancaleoni, A. Pietrangelo<br \/>\nDept. of Med. and Surgical Sciences for Children and Adults, University of Modena and Reggio Emilia, Modena, Italy<\/p>\n<p><em>EXPLORE: A prospective, multinational natural history study of acute hepatic porphyria patients with multiple recurring attacks<\/em><br \/>\nA. Simon, K. Anderson, J. Bloomer, M. Balwani, M. Bissell, D. Rees, U. Stolzel, J. Phillips, R. Kauppinen, J. Langendonk, P. Ventura, E. Minder, P. Stein, C. Parker, R. Desnick, A. Chan, B. Bettencourt, W. Querbes, C. Penz<br \/>\nClinical Alnylam Pharmaceuticals, Cambridge, USA<\/p>\n<p><strong>Posters<\/strong><\/p>\n<p><em>Tetraplegia in acute intermittent Porphyria undergoing chronic Hemodialysis: Resolution with rehabilitation<\/em><br \/>\nC. C. Guida, M. Savino, D. Intiso, F. Aucella<br \/>\nHospital Scientifi c Institute for Research an Health Care, Foggia, Italy<\/p>\n<p><em>Molecular Characterisation of Erytropoietic Protoporphyria in Northern Italy<\/em><br \/>\nV. Brancaleoni, F. Granata, V. Fiorentino, G. Graziadei, D. Spinelli, S. Fustinoni, Md. Cappellini, E. Di Pierro<br \/>\nFondazione IRCCS Ca Granda and Universita degli Studi di Milano, Milano, Italy<\/p>\n<p><em>Phenotype Variability of Congenital Erythropoietic Porphyria in Turkey<\/em><br \/>\nV. Brancaleoni, M. Uyanik, E. Sertoglu, S. Tapan, I. Kurt, Md. Cappellini, E. Di Pierro<br \/>\nFondazione IRCCS Ca Granda, Milano, Italy and Corlu Military Hospital Tekirdag, Turkey<\/p>\n<p><em>Fast Fluorometric Quantification of Protoporphyrin IX in Plasma<\/em><br \/>\nF. Granata, D. Tavazzi, P. Missineo, S. Fustinoni, D. Spinelli, Md. Cappellini, E. Di Pierro<br \/>\nFondatione IRCCS Ca Granda and Universita degli Studi di Milano, Italy<\/p>\n<p><em>Association Studies: Low Resolution HLA in a Group of Patients with Porphyria<\/em><br \/>\nM. Savino, G. Cappucci, C. C. Guida, L. Di Mauro<br \/>\nDept. of Transfusion Med. and Analysis Lab., Scientifi c Inst. for Research and Health Care-CSS, San Giovanni Rotondo, Italy<\/p>\n<p><em>Acute intermittent Porphyria in children: Still hard to diagnose, but still harder to manage<\/em><br \/>\nP. Ventura, C. Rosafio, S. Marchini, A. Guerra, F. Granata, E. Di Pierro, L. Lughetti, A. Pietrangelo<br \/>\nDept. of Med. and Surgical Sciences for Children and Adults, University of Modena and Reggio Emilia, Modena, Italy<\/p>\n<p><em>Hyperhomocysteinemia and Acute Porphyrias: A Dangerous Metabolic Crossing?<\/em><br \/>\nP. Ventura, M. Marcacci, C. Cuoghi, S. Marchini, E Di Pierro, M. Rimini, A. Pietrangelo<br \/>\nDept. of Med. and Surgical Sciences for Children and Adults, University of Modena and Reggio Emilia, Modena, Italy<\/p>\n","protected":false},"excerpt":{"rendered":"<p>125\u00b0 Congresso Nazionale SIMI (Societ\u00e0 Italiana di Medicina Interna) 11-13 ottobre 2024 Poster (premiato come migliore) Liver Function, Iron Status, and Hemopoiesis in Erythropoietic Protoporphyria (EPP): Insights into a Complex Interplay. Andrea Ricci, Dario Saltini, Camilla Mancini, Tomas Guasconi, Giada Di Betto, Cinzia Garuti, Stefano Marchini, Filippo Schepis, Antonello Pietrangelo, Elena Corradini, Paolo Ventura \u2026\u2026\u2026\u2026\u2026\u2026\u2026\u2026\u2026\u2026\u2026\u2026\u2026\u2026\u2026\u2026\u2026\u2026\u2026\u2026\u2026\u2026\u2026\u2026\u2026\u2026\u2026\u2026\u2026\u2026\u2026\u2026\u2026\u2026\u2026\u2026\u2026\u2026.. <a href='https:\/\/www.gruppoporfiria.it\/?page_id=179' class='excerpt-more'>[&#8230;]<\/a><\/p>\n","protected":false},"author":1,"featured_media":0,"parent":32,"menu_order":3,"comment_status":"closed","ping_status":"closed","template":"","meta":{"footnotes":""},"class_list":["post-179","page","type-page","status-publish","hentry","post-seq-1","post-parity-odd","meta-position-corners","fix"],"_links":{"self":[{"href":"https:\/\/www.gruppoporfiria.it\/index.php?rest_route=\/wp\/v2\/pages\/179","targetHints":{"allow":["GET"]}}],"collection":[{"href":"https:\/\/www.gruppoporfiria.it\/index.php?rest_route=\/wp\/v2\/pages"}],"about":[{"href":"https:\/\/www.gruppoporfiria.it\/index.php?rest_route=\/wp\/v2\/types\/page"}],"author":[{"embeddable":true,"href":"https:\/\/www.gruppoporfiria.it\/index.php?rest_route=\/wp\/v2\/users\/1"}],"replies":[{"embeddable":true,"href":"https:\/\/www.gruppoporfiria.it\/index.php?rest_route=%2Fwp%2Fv2%2Fcomments&post=179"}],"version-history":[{"count":26,"href":"https:\/\/www.gruppoporfiria.it\/index.php?rest_route=\/wp\/v2\/pages\/179\/revisions"}],"predecessor-version":[{"id":777,"href":"https:\/\/www.gruppoporfiria.it\/index.php?rest_route=\/wp\/v2\/pages\/179\/revisions\/777"}],"up":[{"embeddable":true,"href":"https:\/\/www.gruppoporfiria.it\/index.php?rest_route=\/wp\/v2\/pages\/32"}],"wp:attachment":[{"href":"https:\/\/www.gruppoporfiria.it\/index.php?rest_route=%2Fwp%2Fv2%2Fmedia&parent=179"}],"curies":[{"name":"wp","href":"https:\/\/api.w.org\/{rel}","templated":true}]}}